{"id":798,"date":"2020-04-15T17:51:51","date_gmt":"2020-04-15T17:51:51","guid":{"rendered":"https:\/\/graficasmosell.com\/\/new\/?page_id=798"},"modified":"2025-09-29T19:01:30","modified_gmt":"2025-09-29T19:01:30","slug":"politica-de-privacidad","status":"publish","type":"page","link":"https:\/\/graficasmosell.com\/mosell\/politica-de-privacidad\/","title":{"rendered":"Pol\u00edtica de privacidad"},"content":{"rendered":"\n<style type=\"text\/css\" data-created_by=\"avia_inline_auto\" id=\"style-css-av-av_heading-d6652f361e1a67ee20f37b44c2cf40f7\">\n#top .av-special-heading.av-av_heading-d6652f361e1a67ee20f37b44c2cf40f7{\npadding-bottom:10px;\n}\nbody .av-special-heading.av-av_heading-d6652f361e1a67ee20f37b44c2cf40f7 .av-special-heading-tag .heading-char{\nfont-size:25px;\n}\n.av-special-heading.av-av_heading-d6652f361e1a67ee20f37b44c2cf40f7 .av-subheading{\nfont-size:15px;\n}\n<\/style>\n<div  class='av-special-heading av-av_heading-d6652f361e1a67ee20f37b44c2cf40f7 av-special-heading-h1  avia-builder-el-0  el_before_av_textblock  avia-builder-el-first '><h1 class='av-special-heading-tag '  itemprop=\"headline\"  >Pol\u00edtica de Privacidad<\/h1><div class=\"special-heading-border\"><div class=\"special-heading-inner-border\"><\/div><\/div><\/div>\n<section  class='av_textblock_section av-k91np2ww-b1b98ff0ac7050bada93c339654df4fe '   itemscope=\"itemscope\" itemtype=\"https:\/\/schema.org\/CreativeWork\" ><div class='avia_textblock'  itemprop=\"text\" ><p>Nos gustar\u00eda informarte de como gestionamos el tratamiento de tus datos de acuerdo con el Art. 13 del Reglamento General de la Protecci\u00f3n de Datos (RGPD)<\/p>\n<h3>\u00bfQui\u00e9n es el responsable del tratamiento de sus datos?<\/h3>\n<p>GRAFICAS MOSELL<br \/>\nJavier Moreno Rosell<\/p>\n<p>NIF: 03917913-R<br \/>\nDirecci\u00f3n postal: C\/ Tet\u00faan, 5. 45470 LOS Y\u00c9BENES (Toledo)<br \/>\nTel\u00e9fono: + 34 925348323<br \/>\nCorreo electr\u00f3nico: <a href=\"mailto:web@graficasmosell.com\">web@graficasmosell.com<\/a><\/p>\n<h3>\u00bfCon qu\u00e9 finalidad tratamos sus datos personales?<\/h3>\n<p>En GRAFICAS MOSELL tratamos la informaci\u00f3n que nos facilitan las personas interesadas con el fin de realizar la gesti\u00f3n administrativa, contable y fiscal de los servicios solicitados, as\u00ed como enviar comunicaciones comerciales sobre nuestros productos y servicios.<\/p>\n<h3>\u00bfPor cu\u00e1nto tiempo conservaremos sus datos?<\/h3>\n<p>Los datos se conservar\u00e1n mientras se mantenga la relaci\u00f3n comercial, y en su caso, durante los a\u00f1os necesarios para cumplir con las obligaciones legales.<\/p>\n<h3>\u00bfCu\u00e1l es la legitimaci\u00f3n para el tratamiento de sus datos?<\/h3>\n<p>Le indicamos la base legal para el tratamiento de sus datos:<br \/>\n\u25aa Ejecuci\u00f3n de un contrato: Prestaci\u00f3n de los servicios solicitados<br \/>\n\u25aa Inter\u00e9s leg\u00edtimo del Responsable: Env\u00edo de comunicaciones comerciales<br \/>\n\u00bfA qu\u00e9 destinatarios se comunicar\u00e1n sus datos?<br \/>\nNo se ceder\u00e1n datos a terceros, salvo instituciones de cr\u00e9dito para pagos, proveedores, servicios de entrega y por obligaci\u00f3n legal.<\/p>\n<h3>\u00bfTransferencias de datos a terceros pa\u00edses?<\/h3>\n<p>No est\u00e1n previstas transferencias de datos a terceros pa\u00edses.<\/p>\n<h3>\u00bfCu\u00e1les son sus derechos cuando nos facilita sus datos?<\/h3>\n<p>Cualquier persona tiene derecho a obtener confirmaci\u00f3n sobre si en GRAFICAS MOSELL. estamos tratando datos personales que les conciernan, o no.<br \/>\nLas personas interesadas tienen derecho a acceder a sus\u00a0datos personales, as\u00ed como a solicitar la rectificaci\u00f3n de los datos inexactos o, en su caso, solicitar su supresi\u00f3n cuando, entre otros motivos, los datos ya no sean necesarios para los fines que fueron recogidos.<br \/>\nEn determinadas circunstancias, los interesados podr\u00e1n solicitar la limitaci\u00f3n del tratamiento de sus datos, en cuyo caso \u00fanicamente los conservaremos para el ejercicio o la defensa de reclamaciones.<br \/>\nEn determinadas circunstancias y por motivos relacionados con su situaci\u00f3n particular, los interesados podr\u00e1n oponerse al tratamiento de sus datos. En este caso, GRAFICAS MOSELL. dejar\u00e1 de tratar los datos, salvo por motivos leg\u00edtimos imperiosos, o el ejercicio o la defensa de posibles reclamaciones.<br \/>\nPodr\u00e1 ejercitar materialmente sus derechos de la siguiente forma: Tiene derecho a acceder, rectificar y suprimir los datos, as\u00ed como otros derechos, indicados en la informaci\u00f3n adicional, que puede ejercer dirigi\u00e9ndose a la direcci\u00f3n del responsable del tratamiento<br \/>\nSi ha otorgado su consentimiento para alguna finalidad concreta, tiene derecho a retirar el consentimiento otorgado en cualquier momento, sin que ello afecte a la licitud del tratamiento basado en el consentimiento previo a su retirada.<br \/>\nEn caso de que sienta vulnerados sus derechos en lo concerniente a la protecci\u00f3n de sus datos personales, especialmente cuando no haya obtenido satisfacci\u00f3n en el ejercicio de sus derechos, puede presentar una reclamaci\u00f3n ante la Autoridad de Control en materia de Protecci\u00f3n de Datos competente a trav\u00e9s de su sitio web:\u00a0<a href=\"http:\/\/www.agpd.es\/\">www.agpd.es<\/a>.<\/p>\n<h3>\u00bfC\u00f3mo hemos obtenido tus datos?<\/h3>\n<p>Los datos personales que tratamos en GRAFICAS MOSELL proceden del propio interesado.<br \/>\nLas categor\u00edas de datos que se tratan son:<br \/>\n\u25aa Datos identificativos<br \/>\n\u25aa Direcciones postales y electr\u00f3nicas<br \/>\n\u25aa Informaci\u00f3n comercial<br \/>\nNo se tratan categor\u00edas especiales de datos personales (aquellos datos que revelen el origen \u00e9tnico o racial, las opiniones pol\u00edticas, las convicciones religiosas o filos\u00f3ficas, o la afiliaci\u00f3n sindical, datos gen\u00e9ticos, datos biom\u00e9tricos dirigidos a identificar de manera un\u00edvoca a una persona f\u00edsica, datos relativos a la salud o datos relativos a la vida sexual o la orientaci\u00f3n sexual de una persona f\u00edsica).<\/p>\n<\/div><\/section>\n","protected":false},"excerpt":{"rendered":"","protected":false},"author":1,"featured_media":0,"parent":0,"menu_order":0,"comment_status":"closed","ping_status":"closed","template":"","meta":{"_acf_changed":false,"footnotes":""},"class_list":["post-798","page","type-page","status-publish","hentry"],"acf":[],"yoast_head":"<!-- This site is optimized with the Yoast SEO plugin v27.2 - https:\/\/yoast.com\/product\/yoast-seo-wordpress\/ -->\n<title>Pol\u00edtica de privacidad - Gr&aacute;ficas Mosell<\/title>\n<meta name=\"robots\" content=\"index, follow, max-snippet:-1, max-image-preview:large, max-video-preview:-1\" \/>\n<link rel=\"canonical\" href=\"https:\/\/graficasmosell.com\/mosell\/politica-de-privacidad\/\" \/>\n<meta property=\"og:locale\" content=\"es_ES\" \/>\n<meta property=\"og:type\" content=\"article\" \/>\n<meta property=\"og:title\" content=\"Pol\u00edtica de privacidad - Gr&aacute;ficas Mosell\" \/>\n<meta property=\"og:url\" content=\"https:\/\/graficasmosell.com\/mosell\/politica-de-privacidad\/\" \/>\n<meta property=\"og:site_name\" content=\"Gr&aacute;ficas Mosell\" \/>\n<meta property=\"article:modified_time\" content=\"2025-09-29T19:01:30+00:00\" \/>\n<meta name=\"twitter:card\" content=\"summary_large_image\" \/>\n<meta name=\"twitter:label1\" content=\"Tiempo de lectura\" \/>\n\t<meta name=\"twitter:data1\" content=\"4 minutos\" \/>\n<script type=\"application\/ld+json\" class=\"yoast-schema-graph\">{\"@context\":\"https:\/\/schema.org\",\"@graph\":[{\"@type\":\"WebPage\",\"@id\":\"https:\/\/graficasmosell.com\/mosell\/politica-de-privacidad\/\",\"url\":\"https:\/\/graficasmosell.com\/mosell\/politica-de-privacidad\/\",\"name\":\"Pol\u00edtica de privacidad - Gr&aacute;ficas Mosell\",\"isPartOf\":{\"@id\":\"https:\/\/graficasmosell.com\/mosell\/#website\"},\"datePublished\":\"2020-04-15T17:51:51+00:00\",\"dateModified\":\"2025-09-29T19:01:30+00:00\",\"breadcrumb\":{\"@id\":\"https:\/\/graficasmosell.com\/mosell\/politica-de-privacidad\/#breadcrumb\"},\"inLanguage\":\"es\",\"potentialAction\":[{\"@type\":\"ReadAction\",\"target\":[\"https:\/\/graficasmosell.com\/mosell\/politica-de-privacidad\/\"]}]},{\"@type\":\"BreadcrumbList\",\"@id\":\"https:\/\/graficasmosell.com\/mosell\/politica-de-privacidad\/#breadcrumb\",\"itemListElement\":[{\"@type\":\"ListItem\",\"position\":1,\"name\":\"Portada\",\"item\":\"https:\/\/graficasmosell.com\/mosell\/home\/\"},{\"@type\":\"ListItem\",\"position\":2,\"name\":\"Pol\u00edtica de privacidad\"}]},{\"@type\":\"WebSite\",\"@id\":\"https:\/\/graficasmosell.com\/mosell\/#website\",\"url\":\"https:\/\/graficasmosell.com\/mosell\/\",\"name\":\"Gr&aacute;ficas Mosell\",\"description\":\"Imprenta, Rotulaci\u00f3n y Regalos\",\"publisher\":{\"@id\":\"https:\/\/graficasmosell.com\/mosell\/#organization\"},\"potentialAction\":[{\"@type\":\"SearchAction\",\"target\":{\"@type\":\"EntryPoint\",\"urlTemplate\":\"https:\/\/graficasmosell.com\/mosell\/?s={search_term_string}\"},\"query-input\":{\"@type\":\"PropertyValueSpecification\",\"valueRequired\":true,\"valueName\":\"search_term_string\"}}],\"inLanguage\":\"es\"},{\"@type\":\"Organization\",\"@id\":\"https:\/\/graficasmosell.com\/mosell\/#organization\",\"name\":\"Mosell\",\"url\":\"https:\/\/graficasmosell.com\/mosell\/\",\"logo\":{\"@type\":\"ImageObject\",\"inLanguage\":\"es\",\"@id\":\"https:\/\/graficasmosell.com\/mosell\/#\/schema\/logo\/image\/\",\"url\":\"\",\"contentUrl\":\"\",\"caption\":\"Mosell\"},\"image\":{\"@id\":\"https:\/\/graficasmosell.com\/mosell\/#\/schema\/logo\/image\/\"}}]}<\/script>\n<!-- \/ Yoast SEO plugin. -->","yoast_head_json":{"title":"Pol\u00edtica de privacidad - Gr&aacute;ficas Mosell","robots":{"index":"index","follow":"follow","max-snippet":"max-snippet:-1","max-image-preview":"max-image-preview:large","max-video-preview":"max-video-preview:-1"},"canonical":"https:\/\/graficasmosell.com\/mosell\/politica-de-privacidad\/","og_locale":"es_ES","og_type":"article","og_title":"Pol\u00edtica de privacidad - Gr&aacute;ficas Mosell","og_url":"https:\/\/graficasmosell.com\/mosell\/politica-de-privacidad\/","og_site_name":"Gr&aacute;ficas Mosell","article_modified_time":"2025-09-29T19:01:30+00:00","twitter_card":"summary_large_image","twitter_misc":{"Tiempo de lectura":"4 minutos"},"schema":{"@context":"https:\/\/schema.org","@graph":[{"@type":"WebPage","@id":"https:\/\/graficasmosell.com\/mosell\/politica-de-privacidad\/","url":"https:\/\/graficasmosell.com\/mosell\/politica-de-privacidad\/","name":"Pol\u00edtica de privacidad - Gr&aacute;ficas Mosell","isPartOf":{"@id":"https:\/\/graficasmosell.com\/mosell\/#website"},"datePublished":"2020-04-15T17:51:51+00:00","dateModified":"2025-09-29T19:01:30+00:00","breadcrumb":{"@id":"https:\/\/graficasmosell.com\/mosell\/politica-de-privacidad\/#breadcrumb"},"inLanguage":"es","potentialAction":[{"@type":"ReadAction","target":["https:\/\/graficasmosell.com\/mosell\/politica-de-privacidad\/"]}]},{"@type":"BreadcrumbList","@id":"https:\/\/graficasmosell.com\/mosell\/politica-de-privacidad\/#breadcrumb","itemListElement":[{"@type":"ListItem","position":1,"name":"Portada","item":"https:\/\/graficasmosell.com\/mosell\/home\/"},{"@type":"ListItem","position":2,"name":"Pol\u00edtica de privacidad"}]},{"@type":"WebSite","@id":"https:\/\/graficasmosell.com\/mosell\/#website","url":"https:\/\/graficasmosell.com\/mosell\/","name":"Gr&aacute;ficas Mosell","description":"Imprenta, Rotulaci\u00f3n y Regalos","publisher":{"@id":"https:\/\/graficasmosell.com\/mosell\/#organization"},"potentialAction":[{"@type":"SearchAction","target":{"@type":"EntryPoint","urlTemplate":"https:\/\/graficasmosell.com\/mosell\/?s={search_term_string}"},"query-input":{"@type":"PropertyValueSpecification","valueRequired":true,"valueName":"search_term_string"}}],"inLanguage":"es"},{"@type":"Organization","@id":"https:\/\/graficasmosell.com\/mosell\/#organization","name":"Mosell","url":"https:\/\/graficasmosell.com\/mosell\/","logo":{"@type":"ImageObject","inLanguage":"es","@id":"https:\/\/graficasmosell.com\/mosell\/#\/schema\/logo\/image\/","url":"","contentUrl":"","caption":"Mosell"},"image":{"@id":"https:\/\/graficasmosell.com\/mosell\/#\/schema\/logo\/image\/"}}]}},"_links":{"self":[{"href":"https:\/\/graficasmosell.com\/mosell\/wp-json\/wp\/v2\/pages\/798","targetHints":{"allow":["GET"]}}],"collection":[{"href":"https:\/\/graficasmosell.com\/mosell\/wp-json\/wp\/v2\/pages"}],"about":[{"href":"https:\/\/graficasmosell.com\/mosell\/wp-json\/wp\/v2\/types\/page"}],"author":[{"embeddable":true,"href":"https:\/\/graficasmosell.com\/mosell\/wp-json\/wp\/v2\/users\/1"}],"replies":[{"embeddable":true,"href":"https:\/\/graficasmosell.com\/mosell\/wp-json\/wp\/v2\/comments?post=798"}],"version-history":[{"count":3,"href":"https:\/\/graficasmosell.com\/mosell\/wp-json\/wp\/v2\/pages\/798\/revisions"}],"predecessor-version":[{"id":821,"href":"https:\/\/graficasmosell.com\/mosell\/wp-json\/wp\/v2\/pages\/798\/revisions\/821"}],"wp:attachment":[{"href":"https:\/\/graficasmosell.com\/mosell\/wp-json\/wp\/v2\/media?parent=798"}],"curies":[{"name":"wp","href":"https:\/\/api.w.org\/{rel}","templated":true}]}}